{"id":1036,"date":"2019-02-18T11:40:33","date_gmt":"2019-02-18T10:40:33","guid":{"rendered":"http:\/\/www.adminus.ch\/wp\/?page_id=1036"},"modified":"2019-02-20T18:28:29","modified_gmt":"2019-02-20T17:28:29","slug":"archiv","status":"publish","type":"page","link":"https:\/\/www.adminus.ch\/wp\/?page_id=1036","title":{"rendered":"Archiv"},"content":{"rendered":"\n<div class=\"sya_container\" id=\"sya_container\"><a id=\"year2022\"><\/a>2022 <span class=\"sya_yearcount\"><span class=\"sya_bracket\">(<\/span>1<span class=\"sya_bracket\">)<\/span><\/span><ul><li class=\"\"><div class=\"sya_postcontent\"><span class=\"sya_date\">29.04.2022 <span class=\"sya_sep\">  <\/span><\/span><a href=\"https:\/\/www.adminus.ch\/wp\/?p=97703\" class=\"sya_postlink post-97703\" rel=\"bookmark\">Hemmnis B\u00fcrokratie: Was Schulen daran hindert, digitaler zu werden<\/a><\/div><\/li><\/ul><a id=\"year2020\"><\/a>2020 <span class=\"sya_yearcount\"><span class=\"sya_bracket\">(<\/span>4<span class=\"sya_bracket\">)<\/span><\/span><ul><li class=\"\"><div class=\"sya_postcontent\"><span class=\"sya_date\">24.11.2020 <span class=\"sya_sep\">  <\/span><\/span><a href=\"https:\/\/www.adminus.ch\/wp\/?p=54914\" class=\"sya_postlink post-54914\" rel=\"bookmark\">Die Firma, in der es um die Mitarbeitenden geht<\/a><\/div><\/li><li class=\"\"><div class=\"sya_postcontent\"><span class=\"sya_date\">22.07.2020 <span class=\"sya_sep\">  <\/span><\/span><a href=\"https:\/\/www.adminus.ch\/wp\/?p=37463\" class=\"sya_postlink post-37463\" rel=\"bookmark\">Freier Umgang mit Vorgaben \u2013 eine Vorgehensweise f\u00fcr den Alltag im B\u00fcrokratieumfeld<\/a><\/div><\/li><li class=\"\"><div class=\"sya_postcontent\"><span class=\"sya_date\">20.07.2020 <span class=\"sya_sep\">  <\/span><\/span><a href=\"https:\/\/www.adminus.ch\/wp\/?p=37256\" class=\"sya_postlink post-37256\" rel=\"bookmark\">\u00abErwachsene Menschen werden wie kleine Kinder behandelt\u00bb<\/a><\/div><\/li><li class=\"\"><div class=\"sya_postcontent\"><span class=\"sya_date\">10.07.2020 <span class=\"sya_sep\">  <\/span><\/span><a href=\"https:\/\/www.adminus.ch\/wp\/?p=35764\" class=\"sya_postlink post-35764\" rel=\"bookmark\">Agile B\u00fcrokratie?<\/a><\/div><\/li><\/ul><a id=\"year2019\"><\/a>2019 <span class=\"sya_yearcount\"><span class=\"sya_bracket\">(<\/span>1<span class=\"sya_bracket\">)<\/span><\/span><ul><li class=\"\"><div class=\"sya_postcontent\"><span class=\"sya_date\">02.01.2019 <span class=\"sya_sep\">  <\/span><\/span><a href=\"https:\/\/www.adminus.ch\/wp\/?p=1016\" class=\"sya_postlink post-1016\" rel=\"bookmark\">\u00dcber Regulierung und \u00dcberregulierung &#8211; Fach-Lese-Stoff<\/a><\/div><\/li><\/ul><a id=\"year2018\"><\/a>2018 <span class=\"sya_yearcount\"><span class=\"sya_bracket\">(<\/span>9<span class=\"sya_bracket\">)<\/span><\/span><ul><li class=\"\"><div class=\"sya_postcontent\"><span class=\"sya_date\">09.12.2018 <span class=\"sya_sep\">  <\/span><\/span><a href=\"https:\/\/www.adminus.ch\/wp\/?p=1011\" class=\"sya_postlink post-1011\" rel=\"bookmark\">Mit der Innovationsguerilla gegen die Verwaltungsb\u00fcrokratie<\/a><\/div><\/li><li class=\"\"><div class=\"sya_postcontent\"><span class=\"sya_date\">05.12.2018 <span class=\"sya_sep\">  <\/span><\/span><a href=\"https:\/\/www.adminus.ch\/wp\/?p=1004\" class=\"sya_postlink post-1004\" rel=\"bookmark\">Agile Hochschule<\/a><\/div><\/li><li class=\"\"><div class=\"sya_postcontent\"><span class=\"sya_date\">08.10.2018 <span class=\"sya_sep\">  <\/span><\/span><a href=\"https:\/\/www.adminus.ch\/wp\/?p=985\" class=\"sya_postlink post-985\" rel=\"bookmark\">Administrationsm\u00fcll vermeiden: konkret<\/a><\/div><\/li><li class=\"\"><div class=\"sya_postcontent\"><span class=\"sya_date\">19.09.2018 <span class=\"sya_sep\">  <\/span><\/span><a href=\"https:\/\/www.adminus.ch\/wp\/?p=962\" class=\"sya_postlink post-962\" rel=\"bookmark\">Neo-Taylorismus: Endlich die Ursache f\u00fcr die grassierende \u00dcberadministration gefunden?<\/a><\/div><\/li><li class=\"\"><div class=\"sya_postcontent\"><span class=\"sya_date\">19.09.2018 <span class=\"sya_sep\">  <\/span><\/span><a href=\"https:\/\/www.adminus.ch\/wp\/?p=959\" class=\"sya_postlink post-959\" rel=\"bookmark\">Heute schon administriert?<\/a><\/div><\/li><li class=\"\"><div class=\"sya_postcontent\"><span class=\"sya_date\">19.08.2018 <span class=\"sya_sep\">  <\/span><\/span><a href=\"https:\/\/www.adminus.ch\/wp\/?p=945\" class=\"sya_postlink post-945\" rel=\"bookmark\">Bald im Kino &laquo;Die stille Revolution&raquo; &ndash; echte Organisationsentwicklung im Dokumentarfilm<\/a><\/div><\/li><li class=\"\"><div class=\"sya_postcontent\"><span class=\"sya_date\">22.06.2018 <span class=\"sya_sep\">  <\/span><\/span><a href=\"https:\/\/www.adminus.ch\/wp\/?p=926\" class=\"sya_postlink post-926\" rel=\"bookmark\">Dokumentierung und Leistungserfassung statt Gesundheitsversorgung<\/a><\/div><\/li><li class=\"\"><div class=\"sya_postcontent\"><span class=\"sya_date\">19.02.2018 <span class=\"sya_sep\">  <\/span><\/span><a href=\"https:\/\/www.adminus.ch\/wp\/?p=884\" class=\"sya_postlink post-884\" rel=\"bookmark\">Adminus lanciert das &laquo;Organisationsbier&raquo;<\/a><\/div><\/li><li class=\"\"><div class=\"sya_postcontent\"><span class=\"sya_date\">07.02.2018 <span class=\"sya_sep\">  <\/span><\/span><a href=\"https:\/\/www.adminus.ch\/wp\/?p=880\" class=\"sya_postlink post-880\" rel=\"bookmark\">Der Wasserkopf der Fachhochschulen<\/a><\/div><\/li><\/ul><a id=\"year2017\"><\/a>2017 <span class=\"sya_yearcount\"><span class=\"sya_bracket\">(<\/span>6<span class=\"sya_bracket\">)<\/span><\/span><ul><li class=\"\"><div class=\"sya_postcontent\"><span class=\"sya_date\">30.12.2017 <span class=\"sya_sep\">  <\/span><\/span><a href=\"https:\/\/www.adminus.ch\/wp\/?p=868\" class=\"sya_postlink post-868\" rel=\"bookmark\">Thomas Kessler kritisiert die Regulierung unseres Lebens: Befreit uns!<\/a><\/div><\/li><li class=\"\"><div class=\"sya_postcontent\"><span class=\"sya_date\">19.08.2017 <span class=\"sya_sep\">  <\/span><\/span><a href=\"https:\/\/www.adminus.ch\/wp\/?p=855\" class=\"sya_postlink post-855\" rel=\"bookmark\">Unb\u00fcrokratische Verwaltung<\/a><\/div><\/li><li class=\"\"><div class=\"sya_postcontent\"><span class=\"sya_date\">29.07.2017 <span class=\"sya_sep\">  <\/span><\/span><a href=\"https:\/\/www.adminus.ch\/wp\/?p=849\" class=\"sya_postlink post-849\" rel=\"bookmark\">Wenn der Papierkram wichtiger ist als der Mensch<\/a><\/div><\/li><li class=\"\"><div class=\"sya_postcontent\"><span class=\"sya_date\">24.04.2017 <span class=\"sya_sep\">  <\/span><\/span><a href=\"https:\/\/www.adminus.ch\/wp\/?p=830\" class=\"sya_postlink post-830\" rel=\"bookmark\">Verst\u00e4rkung: Veranstaltungen und Organisationen, die in die gleiche Richtung ziehen<\/a><\/div><\/li><li class=\"\"><div class=\"sya_postcontent\"><span class=\"sya_date\">17.02.2017 <span class=\"sya_sep\">  <\/span><\/span><a href=\"https:\/\/www.adminus.ch\/wp\/?p=814\" class=\"sya_postlink post-814\" rel=\"bookmark\">Wem soll Bildung dienen?<\/a><\/div><\/li><li class=\"\"><div class=\"sya_postcontent\"><span class=\"sya_date\">14.01.2017 <span class=\"sya_sep\">  <\/span><\/span><a href=\"https:\/\/www.adminus.ch\/wp\/?p=806\" class=\"sya_postlink post-806\" rel=\"bookmark\">Organisationsentwicklung, die beim Sinn des eigenen Unternehmens ansetzt<\/a><\/div><\/li><\/ul><a id=\"year2016\"><\/a>2016 <span class=\"sya_yearcount\"><span class=\"sya_bracket\">(<\/span>7<span class=\"sya_bracket\">)<\/span><\/span><ul><li class=\"\"><div class=\"sya_postcontent\"><span class=\"sya_date\">23.08.2016 <span class=\"sya_sep\">  <\/span><\/span><a href=\"https:\/\/www.adminus.ch\/wp\/?p=800\" class=\"sya_postlink post-800\" rel=\"bookmark\">Deutschland: Abschied vom ECTS<\/a><\/div><\/li><li class=\"\"><div class=\"sya_postcontent\"><span class=\"sya_date\">09.05.2016 <span class=\"sya_sep\">  <\/span><\/span><a href=\"https:\/\/www.adminus.ch\/wp\/?p=783\" class=\"sya_postlink post-783\" rel=\"bookmark\">&#8222;beispiellose B\u00fcrokratisierung&#8220; der Hochschullehre<\/a><\/div><\/li><li class=\"\"><div class=\"sya_postcontent\"><span class=\"sya_date\">09.05.2016 <span class=\"sya_sep\">  <\/span><\/span><a href=\"https:\/\/www.adminus.ch\/wp\/?p=779\" class=\"sya_postlink post-779\" rel=\"bookmark\">&#8222;Von der Befehlsstruktur in Richtung einer Verhandlungskultur&#8220;<\/a><\/div><\/li><li class=\"\"><div class=\"sya_postcontent\"><span class=\"sya_date\">21.04.2016 <span class=\"sya_sep\">  <\/span><\/span><a href=\"https:\/\/www.adminus.ch\/wp\/?p=774\" class=\"sya_postlink post-774\" rel=\"bookmark\">Es funktioniert jenseits von &#8222;command and control&#8220;<\/a><\/div><\/li><li class=\"\"><div class=\"sya_postcontent\"><span class=\"sya_date\">29.02.2016 <span class=\"sya_sep\">  <\/span><\/span><a href=\"https:\/\/www.adminus.ch\/wp\/?p=765\" class=\"sya_postlink post-765\" rel=\"bookmark\">Schon wieder ein super Buch zum Thema!<\/a><\/div><\/li><li class=\"\"><div class=\"sya_postcontent\"><span class=\"sya_date\">01.02.2016 <span class=\"sya_sep\">  <\/span><\/span><a href=\"https:\/\/www.adminus.ch\/wp\/?p=758\" class=\"sya_postlink post-758\" rel=\"bookmark\">WOZ vom 28.1.2016: Schule &#8211; Der Umbruch kam auf leisen Sohlen<\/a><\/div><\/li><li class=\"\"><div class=\"sya_postcontent\"><span class=\"sya_date\">20.01.2016 <span class=\"sya_sep\">  <\/span><\/span><a href=\"https:\/\/www.adminus.ch\/wp\/?p=754\" class=\"sya_postlink post-754\" rel=\"bookmark\">&#8222;Reinventing Organisations&#8220; ist mir empfohlen worden &#8211; kennt es jemand?<\/a><\/div><\/li><\/ul><a id=\"year2015\"><\/a>2015 <span class=\"sya_yearcount\"><span class=\"sya_bracket\">(<\/span>4<span class=\"sya_bracket\">)<\/span><\/span><ul><li class=\"\"><div class=\"sya_postcontent\"><span class=\"sya_date\">21.07.2015 <span class=\"sya_sep\">  <\/span><\/span><a href=\"https:\/\/www.adminus.ch\/wp\/?p=722\" class=\"sya_postlink post-722\" rel=\"bookmark\">L\u00f6sungsideen: Neue Organisations- und F\u00fchrungsformen<\/a><\/div><\/li><li class=\"\"><div class=\"sya_postcontent\"><span class=\"sya_date\">15.03.2015 <span class=\"sya_sep\">  <\/span><\/span><a href=\"https:\/\/www.adminus.ch\/wp\/?p=675\" class=\"sya_postlink post-675\" rel=\"bookmark\">Kontrolle statt Selbstverantwortung<\/a><\/div><\/li><li class=\"\"><div class=\"sya_postcontent\"><span class=\"sya_date\">26.02.2015 <span class=\"sya_sep\">  <\/span><\/span><a href=\"https:\/\/www.adminus.ch\/wp\/?p=629\" class=\"sya_postlink post-629\" rel=\"bookmark\">\u00abEntscheiden ist nicht mehr in. In ist das Reglement.\u00bb<\/a><\/div><\/li><li class=\"\"><div class=\"sya_postcontent\"><span class=\"sya_date\">07.01.2015 <span class=\"sya_sep\">  <\/span><\/span><a href=\"https:\/\/www.adminus.ch\/wp\/?p=599\" class=\"sya_postlink post-599\" rel=\"bookmark\">\u00dcber Lernende, Leerende und Lern-Ende<\/a><\/div><\/li><\/ul><a id=\"year2014\"><\/a>2014 <span class=\"sya_yearcount\"><span class=\"sya_bracket\">(<\/span>11<span class=\"sya_bracket\">)<\/span><\/span><ul><li class=\"\"><div class=\"sya_postcontent\"><span class=\"sya_date\">20.11.2014 <span class=\"sya_sep\">  <\/span><\/span><a href=\"https:\/\/www.adminus.ch\/wp\/?p=543\" class=\"sya_postlink post-543\" rel=\"bookmark\">Manifest<\/a><\/div><\/li><li class=\"\"><div class=\"sya_postcontent\"><span class=\"sya_date\">31.10.2014 <span class=\"sya_sep\">  <\/span><\/span><a href=\"https:\/\/www.adminus.ch\/wp\/?p=489\" class=\"sya_postlink post-489\" rel=\"bookmark\">B\u00fcrokratie hat einen grossen Magen &#8211; eine Ann\u00e4herung<\/a><\/div><\/li><li class=\"\"><div class=\"sya_postcontent\"><span class=\"sya_date\">04.08.2014 <span class=\"sya_sep\">  <\/span><\/span><a href=\"https:\/\/www.adminus.ch\/wp\/?p=127\" class=\"sya_postlink post-127\" rel=\"bookmark\">Wenn Fortschritt den R\u00fcckschritt erzwingt<\/a><\/div><\/li><li class=\"\"><div class=\"sya_postcontent\"><span class=\"sya_date\">28.05.2014 <span class=\"sya_sep\">  <\/span><\/span><a href=\"https:\/\/www.adminus.ch\/wp\/?p=133\" class=\"sya_postlink post-133\" rel=\"bookmark\">Worst-Case-Geschichte \u00abDer neue Auftritt\u00bb<\/a><\/div><\/li><li class=\"\"><div class=\"sya_postcontent\"><span class=\"sya_date\">02.05.2014 <span class=\"sya_sep\">  <\/span><\/span><a href=\"https:\/\/www.adminus.ch\/wp\/?p=137\" class=\"sya_postlink post-137\" rel=\"bookmark\">Wer jammert wehrt sich nicht<\/a><\/div><\/li><li class=\"\"><div class=\"sya_postcontent\"><span class=\"sya_date\">06.04.2014 <span class=\"sya_sep\">  <\/span><\/span><a href=\"https:\/\/www.adminus.ch\/wp\/?p=141\" class=\"sya_postlink post-141\" rel=\"bookmark\">B\u00fcrokratie: \u00c4hnliches mit \u00c4hnlichem bek\u00e4mpfen<\/a><\/div><\/li><li class=\"\"><div class=\"sya_postcontent\"><span class=\"sya_date\">03.04.2014 <span class=\"sya_sep\">  <\/span><\/span><a href=\"https:\/\/www.adminus.ch\/wp\/?p=145\" class=\"sya_postlink post-145\" rel=\"bookmark\">Qualit\u00e4tskontrolle: einfach irgendetwas aufgeschrieben<\/a><\/div><\/li><li class=\"\"><div class=\"sya_postcontent\"><span class=\"sya_date\">24.03.2014 <span class=\"sya_sep\">  <\/span><\/span><a href=\"https:\/\/www.adminus.ch\/wp\/?p=149\" class=\"sya_postlink post-149\" rel=\"bookmark\">Deutschland will Pflegekr\u00e4fte b\u00fcrokratisch entlasten<\/a><\/div><\/li><li class=\"\"><div class=\"sya_postcontent\"><span class=\"sya_date\">20.03.2014 <span class=\"sya_sep\">  <\/span><\/span><a href=\"https:\/\/www.adminus.ch\/wp\/?p=153\" class=\"sya_postlink post-153\" rel=\"bookmark\">Hitzige Debatte zur \u00dcberadministration in der Palliative Care<\/a><\/div><\/li><li class=\"\"><div class=\"sya_postcontent\"><span class=\"sya_date\">01.03.2014 <span class=\"sya_sep\">  <\/span><\/span><a href=\"https:\/\/www.adminus.ch\/wp\/?p=157\" class=\"sya_postlink post-157\" rel=\"bookmark\">\u00abFormularkrieg\u00bb, das Themenheft zur B\u00fcrokratie<\/a><\/div><\/li><li class=\"\"><div class=\"sya_postcontent\"><span class=\"sya_date\">21.01.2014 <span class=\"sya_sep\">  <\/span><\/span><a href=\"https:\/\/www.adminus.ch\/wp\/?p=161\" class=\"sya_postlink post-161\" rel=\"bookmark\">Der Missmut greift um sich<\/a><\/div><\/li><\/ul><div style=\"text-align:right;font-size:90%;\">Plugin by <a href=\"https:\/\/www.schloebe.de\" title=\"Plugin by Oliver Schl&ouml;be\">Oliver Schl&ouml;be<\/a><\/div><\/div>\n","protected":false},"excerpt":{"rendered":"","protected":false},"author":1,"featured_media":0,"parent":0,"menu_order":0,"comment_status":"closed","ping_status":"closed","template":"","meta":{"footnotes":""},"class_list":["post-1036","page","type-page","status-publish","hentry"],"_links":{"self":[{"href":"https:\/\/www.adminus.ch\/wp\/index.php?rest_route=\/wp\/v2\/pages\/1036","targetHints":{"allow":["GET"]}}],"collection":[{"href":"https:\/\/www.adminus.ch\/wp\/index.php?rest_route=\/wp\/v2\/pages"}],"about":[{"href":"https:\/\/www.adminus.ch\/wp\/index.php?rest_route=\/wp\/v2\/types\/page"}],"author":[{"embeddable":true,"href":"https:\/\/www.adminus.ch\/wp\/index.php?rest_route=\/wp\/v2\/users\/1"}],"replies":[{"embeddable":true,"href":"https:\/\/www.adminus.ch\/wp\/index.php?rest_route=%2Fwp%2Fv2%2Fcomments&post=1036"}],"version-history":[{"count":4,"href":"https:\/\/www.adminus.ch\/wp\/index.php?rest_route=\/wp\/v2\/pages\/1036\/revisions"}],"predecessor-version":[{"id":1041,"href":"https:\/\/www.adminus.ch\/wp\/index.php?rest_route=\/wp\/v2\/pages\/1036\/revisions\/1041"}],"wp:attachment":[{"href":"https:\/\/www.adminus.ch\/wp\/index.php?rest_route=%2Fwp%2Fv2%2Fmedia&parent=1036"}],"curies":[{"name":"wp","href":"https:\/\/api.w.org\/{rel}","templated":true}]}}